{"id":386,"date":"2023-10-06T13:26:12","date_gmt":"2023-10-06T16:26:12","guid":{"rendered":"https:\/\/www.clubearamacan.com.br\/tuneldotempo\/?page_id=386"},"modified":"2023-10-06T14:16:49","modified_gmt":"2023-10-06T17:16:49","slug":"homepage","status":"publish","type":"page","link":"https:\/\/www.clubearamacan.com.br\/tuneldotempo\/","title":{"rendered":"homepage"},"content":{"rendered":"<section class=\"wpb-content-wrapper\"><p>[vc_row][vc_column][vc_empty_space height=&#8221;100px&#8221;]<style type=\"text\/css\" data-type=\"the7_shortcodes-inline-css\">.blog-shortcode.blog-list-shortcode-id-3771917aacaddc89b87973c4e126fd17.dividers-on.classic-layout-list article {\n  margin-top: 50px;\n  padding-top: 0;\n  border-color: #707070;\n}\n.blog-shortcode.blog-list-shortcode-id-3771917aacaddc89b87973c4e126fd17.dividers-on.classic-layout-list article:first-of-type {\n  margin-top: 0;\n  padding-top: 0;\n}\n.blog-shortcode.blog-list-shortcode-id-3771917aacaddc89b87973c4e126fd17.classic-layout-list.mode-list .post-thumbnail-wrap {\n  width: 40%;\n}\n.blog-shortcode.blog-list-shortcode-id-3771917aacaddc89b87973c4e126fd17.classic-layout-list.mode-list .post-entry-content {\n  width: calc(100% - 40%);\n}\n.blog-shortcode.blog-list-shortcode-id-3771917aacaddc89b87973c4e126fd17.classic-layout-list.mode-list .no-img .post-entry-content {\n  width: 100%;\n}\n.blog-shortcode.blog-list-shortcode-id-3771917aacaddc89b87973c4e126fd17 .filter-bg-decoration .filter-categories a.act {\n  color: #fff;\n}\n.blog-shortcode.blog-list-shortcode-id-3771917aacaddc89b87973c4e126fd17:not(.mode-masonry) article {\n  margin-top: 50px;\n}\n.blog-shortcode.blog-list-shortcode-id-3771917aacaddc89b87973c4e126fd17:not(.mode-masonry) article:first-of-type,\n.blog-shortcode.blog-list-shortcode-id-3771917aacaddc89b87973c4e126fd17:not(.mode-masonry) article.visible.first:not(.product) {\n  margin-top: 0;\n}\n.blog-shortcode.blog-list-shortcode-id-3771917aacaddc89b87973c4e126fd17.dividers-on:not(.mode-masonry) article {\n  margin-top: 0;\n  padding-top: 50px;\n}\n.blog-shortcode.blog-list-shortcode-id-3771917aacaddc89b87973c4e126fd17.dividers-on:not(.mode-masonry) article:first-of-type,\n.blog-shortcode.blog-list-shortcode-id-3771917aacaddc89b87973c4e126fd17.dividers-on:not(.mode-masonry) article.visible.first:not(.product) {\n  margin-top: 0;\n  padding-top: 0;\n}\n.blog-shortcode.blog-list-shortcode-id-3771917aacaddc89b87973c4e126fd17 .post-thumbnail-wrap {\n  padding: 20px 40px 40px 40px;\n}\n.blog-shortcode.blog-list-shortcode-id-3771917aacaddc89b87973c4e126fd17.enable-bg-rollover .post-thumbnail-rollover:after {\n  background: -webkit-linear-gradient();\n  background: linear-gradient();\n}\n.blog-shortcode.blog-list-shortcode-id-3771917aacaddc89b87973c4e126fd17 .gallery-zoom-ico {\n  width: 44px;\n  height: 44px;\n  line-height: 44px;\n  border-radius: 100px;\n  margin: -22px 0 0 -22px;\n  border-width: 0px;\n  color: #ffffff;\n}\n.bottom-overlap-layout-list.blog-shortcode.blog-list-shortcode-id-3771917aacaddc89b87973c4e126fd17 .gallery-zoom-ico {\n  margin-top: -22px;\n}\n.gradient-overlay-layout-list.blog-shortcode.blog-list-shortcode-id-3771917aacaddc89b87973c4e126fd17 .gallery-zoom-ico,\n.content-rollover-layout-list.blog-shortcode.blog-list-shortcode-id-3771917aacaddc89b87973c4e126fd17 .gallery-zoom-ico {\n  margin: 0 0 10px;\n}\n.content-align-center.gradient-overlay-layout-list.blog-shortcode.blog-list-shortcode-id-3771917aacaddc89b87973c4e126fd17 .gallery-zoom-ico,\n.content-align-center.content-rollover-layout-list.blog-shortcode.blog-list-shortcode-id-3771917aacaddc89b87973c4e126fd17 .gallery-zoom-ico {\n  margin: 0 auto 10px;\n}\n.dt-icon-bg-on.blog-shortcode.blog-list-shortcode-id-3771917aacaddc89b87973c4e126fd17 .gallery-zoom-ico {\n  background: rgba(255,255,255,0.3);\n  box-shadow: none;\n}\n.blog-shortcode.blog-list-shortcode-id-3771917aacaddc89b87973c4e126fd17 .gallery-zoom-ico > span,\n.blog-shortcode.blog-list-shortcode-id-3771917aacaddc89b87973c4e126fd17 .gallery-zoom-ico:before {\n  font-size: 32px;\n  line-height: 44px;\n}\n.blog-shortcode.blog-list-shortcode-id-3771917aacaddc89b87973c4e126fd17 .gallery-zoom-ico > span,\n.blog-shortcode.blog-list-shortcode-id-3771917aacaddc89b87973c4e126fd17 .gallery-zoom-ico:before {\n  color: #ffffff;\n}\n.blog-shortcode.blog-list-shortcode-id-3771917aacaddc89b87973c4e126fd17 .fancy-date a {\n  background: #ffffff;\n  box-shadow: none;\n}\n.blog-shortcode.blog-list-shortcode-id-3771917aacaddc89b87973c4e126fd17 .fancy-date a * {\n  color: #2d2d2d;\n}\n.blog-shortcode.blog-list-shortcode-id-3771917aacaddc89b87973c4e126fd17 .entry-title,\n.blog-shortcode.blog-list-shortcode-id-3771917aacaddc89b87973c4e126fd17.owl-carousel .entry-title {\n  margin-bottom: 5px;\n  font-weight: bold;\n}\n.blog-shortcode.blog-list-shortcode-id-3771917aacaddc89b87973c4e126fd17 .entry-meta {\n  margin-bottom: 15px;\n}\n.blog-shortcode.blog-list-shortcode-id-3771917aacaddc89b87973c4e126fd17 .portfolio-categories {\n  margin-bottom: 15px;\n}\n.blog-shortcode.blog-list-shortcode-id-3771917aacaddc89b87973c4e126fd17 .entry-excerpt {\n  margin-bottom: 5px;\n}\n.blog-shortcode.blog-list-shortcode-id-3771917aacaddc89b87973c4e126fd17:not(.centered-layout-list) .post-entry-content {\n  padding: 20px 20px 20px 20px;\n}\n.blog-shortcode.blog-list-shortcode-id-3771917aacaddc89b87973c4e126fd17:not(.centered-layout-list):not(.content-bg-on):not(.mode-list) .no-img .post-entry-content {\n  padding: 0;\n}\n@media screen and (max-width: 768px) {\n  .blog-shortcode.blog-list-shortcode-id-3771917aacaddc89b87973c4e126fd17 article {\n    -ms-flex-flow: column nowrap;\n    flex-flow: column nowrap;\n    margin-top: 20px;\n  }\n  .blog-shortcode.blog-list-shortcode-id-3771917aacaddc89b87973c4e126fd17.dividers-on article {\n    border: none;\n  }\n  .blog-shortcode.blog-list-shortcode-id-3771917aacaddc89b87973c4e126fd17.content-bg-on.centered-layout-list article {\n    padding: 0;\n  }\n  .blog-shortcode.blog-list-shortcode-id-3771917aacaddc89b87973c4e126fd17.blog-shortcode.dividers-on article,\n  .blog-shortcode.blog-list-shortcode-id-3771917aacaddc89b87973c4e126fd17.dividers-on.classic-layout-list article {\n    margin-top: 20px;\n    padding: 0;\n  }\n  .blog-shortcode.blog-list-shortcode-id-3771917aacaddc89b87973c4e126fd17.blog-shortcode.dividers-on article:first-of-type,\n  .blog-shortcode.blog-list-shortcode-id-3771917aacaddc89b87973c4e126fd17.dividers-on.classic-layout-list article:first-of-type {\n    padding: 0;\n  }\n  #page .blog-shortcode.blog-list-shortcode-id-3771917aacaddc89b87973c4e126fd17 .post-thumbnail-wrap,\n  #page .blog-shortcode.blog-list-shortcode-id-3771917aacaddc89b87973c4e126fd17 .post-entry-content {\n    width: 100%;\n    margin: 0;\n    top: 0;\n  }\n  #page .blog-shortcode.blog-list-shortcode-id-3771917aacaddc89b87973c4e126fd17 .post-thumbnail-wrap {\n    padding: 0;\n  }\n  #page .blog-shortcode.blog-list-shortcode-id-3771917aacaddc89b87973c4e126fd17 .post-entry-content:after {\n    display: none;\n  }\n  #page .blog-shortcode.blog-list-shortcode-id-3771917aacaddc89b87973c4e126fd17 .project-even .post-thumbnail-wrap,\n  #page .blog-shortcode.blog-list-shortcode-id-3771917aacaddc89b87973c4e126fd17.centered-layout-list .post-thumbnail-wrap {\n    -ms-flex-order: 0;\n    order: 0;\n  }\n  #page .blog-shortcode.blog-list-shortcode-id-3771917aacaddc89b87973c4e126fd17.centered-layout-list .post-entry-title-content {\n    -ms-flex-order: 1;\n    order: 1;\n    width: 100%;\n    padding: 20px 20px 0;\n  }\n  #page .blog-shortcode.blog-list-shortcode-id-3771917aacaddc89b87973c4e126fd17.centered-layout-list .post-entry-content {\n    -ms-flex-order: 2;\n    order: 2;\n    padding-top: 0;\n  }\n  #page .blog-shortcode.blog-list-shortcode-id-3771917aacaddc89b87973c4e126fd17 .fancy-categories {\n    top: 10px;\n    left: 10px;\n    bottom: auto;\n    right: auto;\n  }\n  #page .blog-shortcode.blog-list-shortcode-id-3771917aacaddc89b87973c4e126fd17 .fancy-date a {\n    top: 10px;\n    right: 10px;\n    left: auto;\n    bottom: auto;\n  }\n  #page .blog-shortcode.blog-list-shortcode-id-3771917aacaddc89b87973c4e126fd17 .post-entry-content {\n    padding: 20px;\n  }\n  #page .blog-shortcode.blog-list-shortcode-id-3771917aacaddc89b87973c4e126fd17 .entry-title {\n    margin: 3px 0 5px;\n    font-size: 20px;\n    line-height: 26px;\n  }\n  #page .blog-shortcode.blog-list-shortcode-id-3771917aacaddc89b87973c4e126fd17 .entry-meta {\n    margin: 5px 0 5px;\n  }\n  #page .blog-shortcode.blog-list-shortcode-id-3771917aacaddc89b87973c4e126fd17 .entry-excerpt {\n    margin: 15px 0 0;\n  }\n  #page .blog-shortcode.blog-list-shortcode-id-3771917aacaddc89b87973c4e126fd17 .post-details {\n    margin: 5px 0 10px;\n  }\n  #page .blog-shortcode.blog-list-shortcode-id-3771917aacaddc89b87973c4e126fd17 .post-details.details-type-link {\n    margin-bottom: 2px;\n  }\n}\n<\/style><div class=\"articles-list blog-shortcode mode-list blog-list-shortcode-id-3771917aacaddc89b87973c4e126fd17 classic-layout-list dividers-on content-bg-on scale-img dt-icon-bg-off loading-effect-fade-in\" data-cur-page=\"1\" data-post-limit=\"-1\" data-pagination-mode=\"pages\"><article class=\"post project-odd visible post-25 type-post status-publish format-standard has-post-thumbnail hentry category-tunel-do-tempo category-4 description-off\" data-name=\"D\u00e9cada 30\" data-date=\"2023-10-05T10:00:39-03:00\">\n\n<div class=\"post-thumbnail-wrap\">\n\t<div class=\"post-thumbnail\">\n\n\t\t\n\t\t\n\t\t<a href=\"https:\/\/www.clubearamacan.com.br\/tuneldotempo\/decada-30\/\" class=\"post-thumbnail-rollover layzr-bg layzr-bg\" ><img class=\"lazy-load preload-me lazy-load aspect\" src=\"data:image\/svg+xml,%3Csvg%20xmlns%3D&#39;http%3A%2F%2Fwww.w3.org%2F2000%2Fsvg&#39;%20viewBox%3D&#39;0%200%20768%20512&#39;%2F%3E\" data-src=\"https:\/\/www.clubearamacan.com.br\/tuneldotempo\/wp-content\/uploads\/2016\/06\/DESTAQUE-768x512.jpg\" data-srcset=\"https:\/\/www.clubearamacan.com.br\/tuneldotempo\/wp-content\/uploads\/2016\/06\/DESTAQUE-768x512.jpg 768w, https:\/\/www.clubearamacan.com.br\/tuneldotempo\/wp-content\/uploads\/2016\/06\/DESTAQUE-1268x844.jpg 1268w\" loading=\"eager\" style=\"--ratio: 768 \/ 512\" sizes=\"(max-width: 768px) 100vw, 768px\" alt=\"\" title=\"DESTAQUE\" width=\"768\" height=\"512\"  \/><\/a>\n\t<\/div>\n<\/div>\n\n\n<div class=\"post-entry-content\">\n\n\t<h3 class=\"entry-title\">\n\t\t<a href=\"https:\/\/www.clubearamacan.com.br\/tuneldotempo\/decada-30\/\" title=\"D\u00e9cada 30\" rel=\"bookmark\">D\u00e9cada 30<\/a>\n\t<\/h3>\n\n\t\n\t<div class=\"entry-excerpt\"><p>O Clube Atl\u00e9tico Arama\u00e7an foi fundado em 06 de Agosto de 1930, por 22 jovens, em sua maioria, funcion\u00e1rios p\u00fablico da Prefeitura Municipal de S\u00e3o Bernardo do Campo. O local escolhido para a funda\u00e7\u00e3o do clube foi um imenso lago que nasceu de um c\u00f3rrego chamado Guarar\u00e1, na propriedade da fam\u00edlia Guazzeli, que cedeu a&hellip;<\/p>\n<\/div>\n\t\n<a href=\"https:\/\/www.clubearamacan.com.br\/tuneldotempo\/decada-30\/\" class=\"post-details details-type-link\" aria-label=\"Read more about D\u00e9cada 30\">VEJA MAIS ...<i class=\"dt-icon-the7-arrow-03\" aria-hidden=\"true\"><\/i><\/a>\n\n<\/div><\/article><article class=\"post project-odd visible post-58 type-post status-publish format-standard has-post-thumbnail hentry category-tunel-do-tempo category-4 description-off\" data-name=\"D\u00e9cada 40\" data-date=\"2023-10-05T08:00:57-03:00\">\n\n<div class=\"post-thumbnail-wrap\">\n\t<div class=\"post-thumbnail\">\n\n\t\t\n\t\t\n\t\t<a href=\"https:\/\/www.clubearamacan.com.br\/tuneldotempo\/decada-40\/\" class=\"post-thumbnail-rollover layzr-bg layzr-bg\" ><img class=\"lazy-load preload-me lazy-load aspect\" src=\"data:image\/svg+xml,%3Csvg%20xmlns%3D&#39;http%3A%2F%2Fwww.w3.org%2F2000%2Fsvg&#39;%20viewBox%3D&#39;0%200%20768%20512&#39;%2F%3E\" data-src=\"https:\/\/www.clubearamacan.com.br\/tuneldotempo\/wp-content\/uploads\/2016\/06\/decada-40-destaque-768x512.jpg\" data-srcset=\"https:\/\/www.clubearamacan.com.br\/tuneldotempo\/wp-content\/uploads\/2016\/06\/decada-40-destaque-768x512.jpg 768w, https:\/\/www.clubearamacan.com.br\/tuneldotempo\/wp-content\/uploads\/2016\/06\/decada-40-destaque-1200x799.jpg 1200w\" loading=\"eager\" style=\"--ratio: 768 \/ 512\" sizes=\"(max-width: 768px) 100vw, 768px\" alt=\"\" title=\"decada-40-destaque\" width=\"768\" height=\"512\"  \/><\/a>\n\t<\/div>\n<\/div>\n\n\n<div class=\"post-entry-content\">\n\n\t<h3 class=\"entry-title\">\n\t\t<a href=\"https:\/\/www.clubearamacan.com.br\/tuneldotempo\/decada-40\/\" title=\"D\u00e9cada 40\" rel=\"bookmark\">D\u00e9cada 40<\/a>\n\t<\/h3>\n\n\t\n\t<div class=\"entry-excerpt\"><p>O in\u00edcio dos anos 40 \u00e9 marcado pela reelei\u00e7\u00e3o de Janu\u00e1rio Daniel. Este logo \u00e9 deposto do cargo por ser italiano em virtude da II guerra mundial. Seu filho, Janu\u00e1rio Daniel, brasileiro de nascimento, \u00e9 eleito presidente. O remo \u00e9 o principal esporte nestes dez primeiros anos de vida. No\u00eamia Assump\u00e7\u00e3o, associada do Arama\u00e7an, torna-se&hellip;<\/p>\n<\/div>\n\t\n<a href=\"https:\/\/www.clubearamacan.com.br\/tuneldotempo\/decada-40\/\" class=\"post-details details-type-link\" aria-label=\"Read more about D\u00e9cada 40\">VEJA MAIS ...<i class=\"dt-icon-the7-arrow-03\" aria-hidden=\"true\"><\/i><\/a>\n\n<\/div><\/article><article class=\"post project-odd visible post-85 type-post status-publish format-standard has-post-thumbnail hentry category-tunel-do-tempo category-4 description-off\" data-name=\"D\u00e9cada 50\" data-date=\"2023-10-05T07:00:42-03:00\">\n\n<div class=\"post-thumbnail-wrap\">\n\t<div class=\"post-thumbnail\">\n\n\t\t\n\t\t\n\t\t<a href=\"https:\/\/www.clubearamacan.com.br\/tuneldotempo\/decada-50\/\" class=\"post-thumbnail-rollover layzr-bg layzr-bg\" ><img class=\"lazy-load preload-me lazy-load aspect\" src=\"data:image\/svg+xml,%3Csvg%20xmlns%3D&#39;http%3A%2F%2Fwww.w3.org%2F2000%2Fsvg&#39;%20viewBox%3D&#39;0%200%20768%20512&#39;%2F%3E\" data-src=\"https:\/\/www.clubearamacan.com.br\/tuneldotempo\/wp-content\/uploads\/2016\/06\/09-destaque-768x512.jpg\" data-srcset=\"https:\/\/www.clubearamacan.com.br\/tuneldotempo\/wp-content\/uploads\/2016\/06\/09-destaque-768x512.jpg 768w, https:\/\/www.clubearamacan.com.br\/tuneldotempo\/wp-content\/uploads\/2016\/06\/09-destaque-1200x799.jpg 1200w\" loading=\"eager\" style=\"--ratio: 768 \/ 512\" sizes=\"(max-width: 768px) 100vw, 768px\" alt=\"\" title=\"09-destaque\" width=\"768\" height=\"512\"  \/><\/a>\n\t<\/div>\n<\/div>\n\n\n<div class=\"post-entry-content\">\n\n\t<h3 class=\"entry-title\">\n\t\t<a href=\"https:\/\/www.clubearamacan.com.br\/tuneldotempo\/decada-50\/\" title=\"D\u00e9cada 50\" rel=\"bookmark\">D\u00e9cada 50<\/a>\n\t<\/h3>\n\n\t\n\t<div class=\"entry-excerpt\"><p>Nos anos 50 come\u00e7am eventos sociais: bailes de carnaval, bailes de gala, festas juninas. Esses eventos s\u00e3o realizados na sede da Rua Ab\u00edlio Soares, onde os s\u00f3cios fundadores realizavam as reuni\u00f5es do clube. A cidade de Santo Andr\u00e9 cresce e junto com ela o Arama\u00e7an. Com o maior n\u00famero de associados, constru\u00e7\u00f5es em torno do&hellip;<\/p>\n<\/div>\n\t\n<a href=\"https:\/\/www.clubearamacan.com.br\/tuneldotempo\/decada-50\/\" class=\"post-details details-type-link\" aria-label=\"Read more about D\u00e9cada 50\">VEJA MAIS ...<i class=\"dt-icon-the7-arrow-03\" aria-hidden=\"true\"><\/i><\/a>\n\n<\/div><\/article><article class=\"post project-odd visible post-108 type-post status-publish format-standard has-post-thumbnail hentry category-tunel-do-tempo category-4 description-off\" data-name=\"D\u00e9cada 60\" data-date=\"2023-10-05T06:00:12-03:00\">\n\n<div class=\"post-thumbnail-wrap\">\n\t<div class=\"post-thumbnail\">\n\n\t\t\n\t\t\n\t\t<a href=\"https:\/\/www.clubearamacan.com.br\/tuneldotempo\/decada-60\/\" class=\"post-thumbnail-rollover layzr-bg layzr-bg\" ><img class=\"lazy-load preload-me lazy-load aspect\" src=\"data:image\/svg+xml,%3Csvg%20xmlns%3D&#39;http%3A%2F%2Fwww.w3.org%2F2000%2Fsvg&#39;%20viewBox%3D&#39;0%200%20768%20512&#39;%2F%3E\" data-src=\"https:\/\/www.clubearamacan.com.br\/tuneldotempo\/wp-content\/uploads\/2016\/06\/07-destaque-768x512.jpg\" data-srcset=\"https:\/\/www.clubearamacan.com.br\/tuneldotempo\/wp-content\/uploads\/2016\/06\/07-destaque-768x512.jpg 768w, https:\/\/www.clubearamacan.com.br\/tuneldotempo\/wp-content\/uploads\/2016\/06\/07-destaque-1121x747.jpg 1121w\" loading=\"eager\" style=\"--ratio: 768 \/ 512\" sizes=\"(max-width: 768px) 100vw, 768px\" alt=\"\" title=\"07-destaque\" width=\"768\" height=\"512\"  \/><\/a>\n\t<\/div>\n<\/div>\n\n\n<div class=\"post-entry-content\">\n\n\t<h3 class=\"entry-title\">\n\t\t<a href=\"https:\/\/www.clubearamacan.com.br\/tuneldotempo\/decada-60\/\" title=\"D\u00e9cada 60\" rel=\"bookmark\">D\u00e9cada 60<\/a>\n\t<\/h3>\n\n\t\n\t<div class=\"entry-excerpt\"><p>Nos Anos 60 o lago, que outrora foi motivo da funda\u00e7\u00e3o do clube \u00e9 aterrado, pois ficou contaminado e impr\u00f3prio para o nado recreativo e realiza\u00e7\u00f5es de atividades esportivas. Aterrar o lago foi uma decis\u00e3o dif\u00edcil, mas necess\u00e1ria para o avan\u00e7o do clube. \u00a0Assim foram constru\u00eddos novos campos de futebol, que dariam \u00eanfase a pr\u00e1tica&hellip;<\/p>\n<\/div>\n\t\n<a href=\"https:\/\/www.clubearamacan.com.br\/tuneldotempo\/decada-60\/\" class=\"post-details details-type-link\" aria-label=\"Read more about D\u00e9cada 60\">VEJA MAIS ...<i class=\"dt-icon-the7-arrow-03\" aria-hidden=\"true\"><\/i><\/a>\n\n<\/div><\/article><article class=\"post project-odd visible post-129 type-post status-publish format-standard has-post-thumbnail hentry category-tunel-do-tempo category-4 description-off\" data-name=\"D\u00e9cada 70\" data-date=\"2023-10-05T05:00:05-03:00\">\n\n<div class=\"post-thumbnail-wrap\">\n\t<div class=\"post-thumbnail\">\n\n\t\t\n\t\t\n\t\t<a href=\"https:\/\/www.clubearamacan.com.br\/tuneldotempo\/decada-70\/\" class=\"post-thumbnail-rollover layzr-bg layzr-bg\" ><img class=\"lazy-load preload-me lazy-load aspect\" src=\"data:image\/svg+xml,%3Csvg%20xmlns%3D&#39;http%3A%2F%2Fwww.w3.org%2F2000%2Fsvg&#39;%20viewBox%3D&#39;0%200%20768%20512&#39;%2F%3E\" data-src=\"https:\/\/www.clubearamacan.com.br\/tuneldotempo\/wp-content\/uploads\/2016\/06\/05-destaque-768x512.jpg\" data-srcset=\"https:\/\/www.clubearamacan.com.br\/tuneldotempo\/wp-content\/uploads\/2016\/06\/05-destaque-768x512.jpg 768w, https:\/\/www.clubearamacan.com.br\/tuneldotempo\/wp-content\/uploads\/2016\/06\/05-destaque-1200x799.jpg 1200w\" loading=\"eager\" style=\"--ratio: 768 \/ 512\" sizes=\"(max-width: 768px) 100vw, 768px\" alt=\"\" title=\"05-destaque\" width=\"768\" height=\"512\"  \/><\/a>\n\t<\/div>\n<\/div>\n\n\n<div class=\"post-entry-content\">\n\n\t<h3 class=\"entry-title\">\n\t\t<a href=\"https:\/\/www.clubearamacan.com.br\/tuneldotempo\/decada-70\/\" title=\"D\u00e9cada 70\" rel=\"bookmark\">D\u00e9cada 70<\/a>\n\t<\/h3>\n\n\t\n\t<div class=\"entry-excerpt\"><p>Na d\u00e9cada de 70 crescem o n\u00famero de s\u00f3cios e se constr\u00f3i um novo Espa\u00e7o Social. V\u00e1rias obras no clube s\u00e3o feitas, como o Gin\u00e1sio \u00c1lvaro Nos\u00e9. O clube finalmente tem uma sede pr\u00f3pria para todos os seus eventos. Surge o primeiro torneio de pesca. Novidade tamb\u00e9m no Departamento Social \u00e9 realizada a primeira Festa&hellip;<\/p>\n<\/div>\n\t\n<a href=\"https:\/\/www.clubearamacan.com.br\/tuneldotempo\/decada-70\/\" class=\"post-details details-type-link\" aria-label=\"Read more about D\u00e9cada 70\">VEJA MAIS ...<i class=\"dt-icon-the7-arrow-03\" aria-hidden=\"true\"><\/i><\/a>\n\n<\/div><\/article><article class=\"post project-odd visible post-139 type-post status-publish format-standard has-post-thumbnail hentry category-tunel-do-tempo category-4 description-off\" data-name=\"D\u00e9cada 80\" data-date=\"2023-10-05T03:00:52-03:00\">\n\n<div class=\"post-thumbnail-wrap\">\n\t<div class=\"post-thumbnail\">\n\n\t\t\n\t\t\n\t\t<a href=\"https:\/\/www.clubearamacan.com.br\/tuneldotempo\/decada-80\/\" class=\"post-thumbnail-rollover layzr-bg layzr-bg\" ><img class=\"lazy-load preload-me lazy-load aspect\" src=\"data:image\/svg+xml,%3Csvg%20xmlns%3D&#39;http%3A%2F%2Fwww.w3.org%2F2000%2Fsvg&#39;%20viewBox%3D&#39;0%200%20768%20512&#39;%2F%3E\" data-src=\"https:\/\/www.clubearamacan.com.br\/tuneldotempo\/wp-content\/uploads\/2016\/06\/15-destaque-768x512.jpg\" data-srcset=\"https:\/\/www.clubearamacan.com.br\/tuneldotempo\/wp-content\/uploads\/2016\/06\/15-destaque-768x512.jpg 768w, https:\/\/www.clubearamacan.com.br\/tuneldotempo\/wp-content\/uploads\/2016\/06\/15-destaque-1200x799.jpg 1200w\" loading=\"eager\" style=\"--ratio: 768 \/ 512\" sizes=\"(max-width: 768px) 100vw, 768px\" alt=\"\" title=\"15-destaque\" width=\"768\" height=\"512\"  \/><\/a>\n\t<\/div>\n<\/div>\n\n\n<div class=\"post-entry-content\">\n\n\t<h3 class=\"entry-title\">\n\t\t<a href=\"https:\/\/www.clubearamacan.com.br\/tuneldotempo\/decada-80\/\" title=\"D\u00e9cada 80\" rel=\"bookmark\">D\u00e9cada 80<\/a>\n\t<\/h3>\n\n\t\n\t<div class=\"entry-excerpt\"><p>Nos anos 80 o Arama\u00e7an completa 50 anos e organiza v\u00e1rios eventos esportivos, que contaram com a participa\u00e7\u00e3o de 1.000 atletas. Cinco s\u00f3cios fundadores s\u00e3o homenageados. O novo Sal\u00e3o Social \u00e9 batizado de Almir Vespa, presidente da d\u00e9cada de 70 que iniciou as obras. Grandes nomes como: Ray Connif, Roberto Carlos, Raul Seixas, Wilson Simonal,&hellip;<\/p>\n<\/div>\n\t\n<a href=\"https:\/\/www.clubearamacan.com.br\/tuneldotempo\/decada-80\/\" class=\"post-details details-type-link\" aria-label=\"Read more about D\u00e9cada 80\">VEJA MAIS ...<i class=\"dt-icon-the7-arrow-03\" aria-hidden=\"true\"><\/i><\/a>\n\n<\/div><\/article><article class=\"post project-odd visible post-182 type-post status-publish format-standard has-post-thumbnail hentry category-tunel-do-tempo category-4 description-off\" data-name=\"D\u00e9cada 90\" data-date=\"2023-10-05T02:00:18-03:00\">\n\n<div class=\"post-thumbnail-wrap\">\n\t<div class=\"post-thumbnail\">\n\n\t\t\n\t\t\n\t\t<a href=\"https:\/\/www.clubearamacan.com.br\/tuneldotempo\/decada-90\/\" class=\"post-thumbnail-rollover layzr-bg layzr-bg\" ><img class=\"lazy-load preload-me lazy-load aspect\" src=\"data:image\/svg+xml,%3Csvg%20xmlns%3D&#39;http%3A%2F%2Fwww.w3.org%2F2000%2Fsvg&#39;%20viewBox%3D&#39;0%200%20768%20512&#39;%2F%3E\" data-src=\"https:\/\/www.clubearamacan.com.br\/tuneldotempo\/wp-content\/uploads\/2016\/07\/21-destaque-768x512.jpg\" data-srcset=\"https:\/\/www.clubearamacan.com.br\/tuneldotempo\/wp-content\/uploads\/2016\/07\/21-destaque-768x512.jpg 768w, https:\/\/www.clubearamacan.com.br\/tuneldotempo\/wp-content\/uploads\/2016\/07\/21-destaque-1200x799.jpg 1200w\" loading=\"eager\" style=\"--ratio: 768 \/ 512\" sizes=\"(max-width: 768px) 100vw, 768px\" alt=\"\" title=\"21-destaque\" width=\"768\" height=\"512\"  \/><\/a>\n\t<\/div>\n<\/div>\n\n\n<div class=\"post-entry-content\">\n\n\t<h3 class=\"entry-title\">\n\t\t<a href=\"https:\/\/www.clubearamacan.com.br\/tuneldotempo\/decada-90\/\" title=\"D\u00e9cada 90\" rel=\"bookmark\">D\u00e9cada 90<\/a>\n\t<\/h3>\n\n\t\n\t<div class=\"entry-excerpt\"><p>Nos anos 90 \u00e9 constru\u00eddo o Centro Feminino, novas quadras de basquete, v\u00f4lei, tambor\u00e9u, squash e t\u00eanis de campo, assim como a piscina termina e as pistas de boliche. \u00c9 criado pelo ex-jogador da Sele\u00e7\u00e3o Brasileira de V\u00f4lei, Ant\u00f4nio Carlos Moreno. o PAIE, Programa Arama\u00e7an de Incentivo ao Esporte. O Edif\u00edcio Arama\u00e7an que conta com&hellip;<\/p>\n<\/div>\n\t\n<a href=\"https:\/\/www.clubearamacan.com.br\/tuneldotempo\/decada-90\/\" class=\"post-details details-type-link\" aria-label=\"Read more about D\u00e9cada 90\">VEJA MAIS ...<i class=\"dt-icon-the7-arrow-03\" aria-hidden=\"true\"><\/i><\/a>\n\n<\/div><\/article><article class=\"post project-odd visible post-205 type-post status-publish format-standard has-post-thumbnail hentry category-tunel-do-tempo category-4 description-off\" data-name=\"D\u00e9cada 2000\" data-date=\"2023-10-05T01:00:27-03:00\">\n\n<div class=\"post-thumbnail-wrap\">\n\t<div class=\"post-thumbnail\">\n\n\t\t\n\t\t\n\t\t<a href=\"https:\/\/www.clubearamacan.com.br\/tuneldotempo\/decada-2000\/\" class=\"post-thumbnail-rollover layzr-bg layzr-bg\" ><img class=\"lazy-load preload-me lazy-load aspect\" src=\"data:image\/svg+xml,%3Csvg%20xmlns%3D&#39;http%3A%2F%2Fwww.w3.org%2F2000%2Fsvg&#39;%20viewBox%3D&#39;0%200%20768%20512&#39;%2F%3E\" data-src=\"https:\/\/www.clubearamacan.com.br\/tuneldotempo\/wp-content\/uploads\/2016\/07\/08-destaque-768x512.jpg\" data-srcset=\"https:\/\/www.clubearamacan.com.br\/tuneldotempo\/wp-content\/uploads\/2016\/07\/08-destaque-768x512.jpg 768w, https:\/\/www.clubearamacan.com.br\/tuneldotempo\/wp-content\/uploads\/2016\/07\/08-destaque-1176x784.jpg 1176w\" loading=\"eager\" style=\"--ratio: 768 \/ 512\" sizes=\"(max-width: 768px) 100vw, 768px\" alt=\"\" title=\"08-destaque\" width=\"768\" height=\"512\"  \/><\/a>\n\t<\/div>\n<\/div>\n\n\n<div class=\"post-entry-content\">\n\n\t<h3 class=\"entry-title\">\n\t\t<a href=\"https:\/\/www.clubearamacan.com.br\/tuneldotempo\/decada-2000\/\" title=\"D\u00e9cada 2000\" rel=\"bookmark\">D\u00e9cada 2000<\/a>\n\t<\/h3>\n\n\t\n\t<div class=\"entry-excerpt\"><p>No ano 2000 o Arama\u00e7an fez 70 anos e presta homenagem a dez associados not\u00e1veis. Em 2002 inaugura o Teatro Arama\u00e7an, Sal\u00e3o Nobre e o Fitness Center que leva o nome do seu idealizador Wilson Garrido, presidente de 2002 a 2005. Em 2008 o Presidente da Rep\u00fablica, na \u00e9poca, Lu\u00eds In\u00e1cio Lula da Silva visita&hellip;<\/p>\n<\/div>\n\t\n<a href=\"https:\/\/www.clubearamacan.com.br\/tuneldotempo\/decada-2000\/\" class=\"post-details details-type-link\" aria-label=\"Read more about D\u00e9cada 2000\">VEJA MAIS ...<i class=\"dt-icon-the7-arrow-03\" aria-hidden=\"true\"><\/i><\/a>\n\n<\/div><\/article><article class=\"post project-odd visible post-268 type-post status-publish format-standard has-post-thumbnail hentry category-tunel-do-tempo category-4 description-off\" data-name=\"D\u00e9cada 2010\" data-date=\"2023-10-05T00:00:00-03:00\">\n\n<div class=\"post-thumbnail-wrap\">\n\t<div class=\"post-thumbnail\">\n\n\t\t\n\t\t\n\t\t<a href=\"https:\/\/www.clubearamacan.com.br\/tuneldotempo\/decada-2010\/\" class=\"post-thumbnail-rollover layzr-bg layzr-bg\" ><img class=\"lazy-load preload-me lazy-load aspect\" src=\"data:image\/svg+xml,%3Csvg%20xmlns%3D&#39;http%3A%2F%2Fwww.w3.org%2F2000%2Fsvg&#39;%20viewBox%3D&#39;0%200%20340%20226&#39;%2F%3E\" data-src=\"https:\/\/www.clubearamacan.com.br\/tuneldotempo\/wp-content\/uploads\/2021\/11\/80-horas-340x226.jpg\" data-srcset=\"https:\/\/www.clubearamacan.com.br\/tuneldotempo\/wp-content\/uploads\/2021\/11\/80-horas-340x226.jpg 340w\" loading=\"eager\" style=\"--ratio: 340 \/ 226\" sizes=\"(max-width: 340px) 100vw, 340px\" alt=\"\" title=\"80-horas\" width=\"340\" height=\"226\"  \/><\/a>\n\t<\/div>\n<\/div>\n\n\n<div class=\"post-entry-content\">\n\n\t<h3 class=\"entry-title\">\n\t\t<a href=\"https:\/\/www.clubearamacan.com.br\/tuneldotempo\/decada-2010\/\" title=\"D\u00e9cada 2010\" rel=\"bookmark\">D\u00e9cada 2010<\/a>\n\t<\/h3>\n\n\t\n\t<div class=\"entry-excerpt\"><p>Em 2010, o Clube completa 80 anos e faz uma linda festa para os associados, com presen\u00e7a do cantor Paulo Ricardo. Uma partida de futebol com 80 horas de dura\u00e7\u00e3o \u00e9 realizada. O jogo teve a participa\u00e7\u00e3o de aproximadamente 2000 jogadores. Come\u00e7ou no dia 4 de agosto de 2010, das 8h at\u00e9 \u00e0s 16h do&hellip;<\/p>\n<\/div>\n\t\n<a href=\"https:\/\/www.clubearamacan.com.br\/tuneldotempo\/decada-2010\/\" class=\"post-details details-type-link\" aria-label=\"Read more about D\u00e9cada 2010\">VEJA MAIS ...<i class=\"dt-icon-the7-arrow-03\" aria-hidden=\"true\"><\/i><\/a>\n\n<\/div><\/article><article class=\"post project-odd visible post-367 type-post status-publish format-standard has-post-thumbnail hentry category-tunel-do-tempo category-4 description-off\" data-name=\"D\u00e9cada de 2020\" data-date=\"2023-10-04T00:00:28-03:00\">\n\n<div class=\"post-thumbnail-wrap\">\n\t<div class=\"post-thumbnail\">\n\n\t\t\n\t\t\n\t\t<a href=\"https:\/\/www.clubearamacan.com.br\/tuneldotempo\/decada-de-2020\/\" class=\"post-thumbnail-rollover layzr-bg layzr-bg\" ><img class=\"lazy-load preload-me lazy-load aspect\" src=\"data:image\/svg+xml,%3Csvg%20xmlns%3D&#39;http%3A%2F%2Fwww.w3.org%2F2000%2Fsvg&#39;%20viewBox%3D&#39;0%200%20768%20512&#39;%2F%3E\" data-src=\"https:\/\/www.clubearamacan.com.br\/tuneldotempo\/wp-content\/uploads\/2023\/05\/IMG_9899-1-scaled-768x512.jpg\" data-srcset=\"https:\/\/www.clubearamacan.com.br\/tuneldotempo\/wp-content\/uploads\/2023\/05\/IMG_9899-1-scaled-768x512.jpg 768w, https:\/\/www.clubearamacan.com.br\/tuneldotempo\/wp-content\/uploads\/2023\/05\/IMG_9899-1-scaled-1306x870.jpg 1306w\" loading=\"eager\" style=\"--ratio: 768 \/ 512\" sizes=\"(max-width: 768px) 100vw, 768px\" alt=\"\" title=\"IMG_9899\" width=\"768\" height=\"512\"  \/><\/a>\n\t<\/div>\n<\/div>\n\n\n<div class=\"post-entry-content\">\n\n\t<h3 class=\"entry-title\">\n\t\t<a href=\"https:\/\/www.clubearamacan.com.br\/tuneldotempo\/decada-de-2020\/\" title=\"D\u00e9cada de 2020\" rel=\"bookmark\">D\u00e9cada de 2020<\/a>\n\t<\/h3>\n\n\t\n\t<div class=\"entry-excerpt\"><p>&nbsp; &nbsp; A d\u00e9cada de 2020 come\u00e7ou com um dos maiores desafios enfrentados pelo Arama\u00e7an em seus 89 anos de hist\u00f3ria. Pela primeira vez, desde sua funda\u00e7\u00e3o o Clube fechou as portas para seus associados no dia 15 de mar\u00e7o de 2020 devido a pandemia de Covid-19. A partir daquele momento, muito trabalho foi feito&hellip;<\/p>\n<\/div>\n\t\n<a href=\"https:\/\/www.clubearamacan.com.br\/tuneldotempo\/decada-de-2020\/\" class=\"post-details details-type-link\" aria-label=\"Read more about D\u00e9cada de 2020\">VEJA MAIS ...<i class=\"dt-icon-the7-arrow-03\" aria-hidden=\"true\"><\/i><\/a>\n\n<\/div><\/article><\/div>[vc_empty_space height=&#8221;100px&#8221;][\/vc_column][\/vc_row]<\/p>\n<\/section>","protected":false},"excerpt":{"rendered":"<p>[vc_row][vc_column][vc_empty_space height=&#8221;100px&#8221;][vc_empty_space height=&#8221;100px&#8221;][\/vc_column][\/vc_row]<\/p>\n","protected":false},"author":4,"featured_media":0,"parent":0,"menu_order":0,"comment_status":"closed","ping_status":"closed","template":"template-microsite.php","meta":{"footnotes":""},"_links":{"self":[{"href":"https:\/\/www.clubearamacan.com.br\/tuneldotempo\/wp-json\/wp\/v2\/pages\/386"}],"collection":[{"href":"https:\/\/www.clubearamacan.com.br\/tuneldotempo\/wp-json\/wp\/v2\/pages"}],"about":[{"href":"https:\/\/www.clubearamacan.com.br\/tuneldotempo\/wp-json\/wp\/v2\/types\/page"}],"author":[{"embeddable":true,"href":"https:\/\/www.clubearamacan.com.br\/tuneldotempo\/wp-json\/wp\/v2\/users\/4"}],"replies":[{"embeddable":true,"href":"https:\/\/www.clubearamacan.com.br\/tuneldotempo\/wp-json\/wp\/v2\/comments?post=386"}],"version-history":[{"count":8,"href":"https:\/\/www.clubearamacan.com.br\/tuneldotempo\/wp-json\/wp\/v2\/pages\/386\/revisions"}],"predecessor-version":[{"id":397,"href":"https:\/\/www.clubearamacan.com.br\/tuneldotempo\/wp-json\/wp\/v2\/pages\/386\/revisions\/397"}],"wp:attachment":[{"href":"https:\/\/www.clubearamacan.com.br\/tuneldotempo\/wp-json\/wp\/v2\/media?parent=386"}],"curies":[{"name":"wp","href":"https:\/\/api.w.org\/{rel}","templated":true}]}}